{"id":433,"date":"2012-12-27T20:53:05","date_gmt":"2012-12-27T18:53:05","guid":{"rendered":"http:\/\/svsteinhaus1911.vr-hosting.de\/?page_id=433"},"modified":"2018-02-25T21:15:44","modified_gmt":"2018-02-25T19:15:44","slug":"historie","status":"publish","type":"page","link":"https:\/\/svsteinhaus1911.de\/index.php\/historie\/","title":{"rendered":"Historie"},"content":{"rendered":"<p>Bewegung und Sport treiben ist ein Gedanke, der unsere V\u00e4ter, Gro\u00df- und Urgro\u00dfv\u00e4ter schon vor 100 Jahren inspiriert hat.<\/p>\n<p>Nat\u00fcrlich hatte der Fu\u00dfball damals schon seine Anziehungskraft, zumal diese Sportart erst wenige Jahre zuvor auf deutschem Boden \u201esalonf\u00e4hig\u201c wurde.<\/p>\n<p>Lange Zeit hatten die Initiatoren um den Braunschweiger Gymnasiallehrer Konrad Koch f\u00fcr die Anerkennung des Fu\u00dfballs gek\u00e4mpft. Sie waren jedoch dem staatlich verordneten Volkssport \u201eTurnen\u201cimmer wieder unterlegen.<\/p>\n<p>Erst als im Jahr 1900 der Deutsche Fu\u00dfballbund (DFB) gegr\u00fcndet wurde, gab es die ersten Strukturen f\u00fcr einen organisierten Spielbetrieb. Es dauerte nur wenige Jahre, bis die Fu\u00dfballwelle \u00fcber Schalke 04 und Mainz 05 auch das \u201eflache Land\u201c erreicht hatte.<\/p>\n<h5>So fanden sich am <b>20.05.1911<\/b> in Steinhaus 12 junge M\u00e4nner zusammen und gr\u00fcndeten einen Fu\u00dfballverein. Das war die Geburtsstunde des SV Steinhaus 1911.<\/h5>\n<p>Die Chronisten von damals haben uns gl\u00fccklicherweise auch die Namen der Gr\u00fcnder \u00fcberliefert. Sie sollen auf unserer Web Seite einen Ehrenplatz erhalten.<\/p>\n<h5 style=\"text-align: center;\">Diegelmann, Emil&nbsp;&nbsp;&nbsp;&nbsp;&nbsp;&nbsp;&nbsp;&nbsp;&nbsp;&nbsp;&nbsp;&nbsp;&nbsp;&nbsp;&nbsp;&nbsp;&nbsp;&nbsp;&nbsp;&nbsp;&nbsp;&nbsp;&nbsp;&nbsp;&nbsp;&nbsp;&nbsp;&nbsp;&nbsp; Jahn, Adalbert<\/h5>\n<h5 style=\"text-align: center;\">Fr\u00f6hlig, Anton&nbsp;&nbsp;&nbsp;&nbsp;&nbsp;&nbsp;&nbsp;&nbsp;&nbsp;&nbsp;&nbsp;&nbsp;&nbsp;&nbsp;&nbsp;&nbsp;&nbsp;&nbsp;&nbsp;&nbsp;&nbsp;&nbsp;&nbsp;&nbsp;&nbsp;&nbsp;&nbsp;&nbsp;&nbsp;&nbsp;&nbsp;&nbsp;&nbsp;&nbsp;&nbsp; Kircher, Wilhelm<\/h5>\n<h5 style=\"text-align: center;\">Halsch, Karl&nbsp;&nbsp;&nbsp;&nbsp;&nbsp;&nbsp;&nbsp;&nbsp;&nbsp;&nbsp;&nbsp;&nbsp;&nbsp;&nbsp;&nbsp;&nbsp;&nbsp;&nbsp;&nbsp;&nbsp;&nbsp;&nbsp;&nbsp;&nbsp;&nbsp;&nbsp;&nbsp;&nbsp;&nbsp;&nbsp;&nbsp;&nbsp;&nbsp;&nbsp;&nbsp;&nbsp;&nbsp;&nbsp; Knacker, Franz<\/h5>\n<h5 style=\"text-align: center;\">Heum\u00fcller, Adam&nbsp;&nbsp;&nbsp;&nbsp;&nbsp;&nbsp;&nbsp;&nbsp;&nbsp;&nbsp;&nbsp;&nbsp;&nbsp;&nbsp;&nbsp;&nbsp;&nbsp;&nbsp;&nbsp;&nbsp;&nbsp;&nbsp;&nbsp;&nbsp;&nbsp;&nbsp;&nbsp;&nbsp;&nbsp; Latsch, Josef<\/h5>\n<h5 style=\"text-align: center;\">Heum\u00fcller, Franz&nbsp;&nbsp;&nbsp;&nbsp;&nbsp;&nbsp;&nbsp;&nbsp;&nbsp;&nbsp;&nbsp;&nbsp;&nbsp;&nbsp;&nbsp;&nbsp;&nbsp;&nbsp;&nbsp;&nbsp;&nbsp;&nbsp;&nbsp;&nbsp;&nbsp;&nbsp;&nbsp;&nbsp;&nbsp;&nbsp; Reith, Ludwig<\/h5>\n<h5 style=\"text-align: center;\">Heum\u00fcller, Karl&nbsp;&nbsp;&nbsp;&nbsp;&nbsp;&nbsp;&nbsp;&nbsp;&nbsp;&nbsp;&nbsp;&nbsp;&nbsp;&nbsp;&nbsp;&nbsp;&nbsp;&nbsp;&nbsp;&nbsp;&nbsp;&nbsp;&nbsp;&nbsp;&nbsp;&nbsp;&nbsp;&nbsp;&nbsp;&nbsp;&nbsp;&nbsp;&nbsp; Weber, Engelbert<\/h5>\nngg_shortcode_0_placeholder\n<p style=\"text-align: center;\"><i>Das Bild zeigt einige unserer Vereins\u00adgr\u00fcnder, aufgenommen im Gasthaus bei Helmut Helmer, Heidestra\u00dfe (ca. 1960\/61): Emil Diegelmann, Anton Fr\u00f6hlig, Franz Knacker, Josef Latsch, Adalbert Jahn, Ambros Halsch, Gregor Huder<\/i><\/p>\n<p>Ob die Vereinsgr\u00fcnder jemals daran geglaubt haben, dass ihr Werk \u00fcber 100 Jahre Bestand hat, wird uns immer eine offene Frage bleiben. Wir sind aber alle stolz auf diese V\u00e4ter und haben ihnen zu danken.<\/p>\n<h1 style=\"text-align: center;\">&nbsp;<i>Mannschaftsfoto vor der Gastst\u00e4tte Brehl<\/i><\/h1>\n<p style=\"text-align: center;\">ngg_shortcode_1_placeholder<\/p>\n<p style=\"text-align: center;\"><i>von links: Karl Heum\u00fcller, Franz B\u00fcttner, August Halsch, Karl Huder, Wilhelm Kircher, Emil Halsch, Josef Aha, Emil Diegelmann, Karl B\u00fcttner, Karl Fr\u00f6hlig, Kasemier Sch\u00e4fer und Obmann Josef Latsch<\/i><\/p>\n<h1 style=\"text-align: center;\">&nbsp;1920<\/h1>\n<p>Nachdem der 1. Weltkrieg auch in Steinhaus seine leidvollen Spuren hinterlassen hatte, lebten die Vereinsarbeit und der Fu\u00dfballsport bald wieder auf.<\/p>\n<h1 style=\"text-align: center;\">1930<\/h1>\n<p>Auf einer Wiese im Haunegrund (am heutigen Radweg) stand dem Verein im Jahr 1920 erstmals ein eigener Sportplatz zur Verf\u00fcgung. Zu dieser Zeit waren drei Mannschaften aktiv. Die 1. Mannschaft blieb sechs Jahre in Folge ungeschlagen. Das muss ein \u201eDream-Team\u201c gewesen sein. \u00dcber die Klasse der Gegner wurde uns jedoch leider nichts \u00fcberliefert.<\/p>\n<h1 style=\"text-align: center;\">&nbsp;1945<\/h1>\n<p>Das Jahrzehnt war gepr\u00e4gt von Diktatur und Willk\u00fcrherrschaft. Das F\u00fchrerprinzip hielt Einzug und der Wehr- und Gel\u00e4ndesport wurden zum Volkssport befohlen. Der Freizeitsport sowie das Ehrenamt waren nicht mehr gefragt. Vor diesem Hintergrund wurde in einer Vereinsversammlung beschlossen, die Vereinskasse aufzul\u00f6sen und die bereits errungenen Pokale untereinander aufzuteilen. An jedes Mitglied wurden noch sieben Reichsmark ausgezahlt. Damit lagen die Vereinsaktivit\u00e4ten bis zum Kriegsende weitestgehend brach.<\/p>\n<p>Schon wenige Monate nach Kriegsende lebte der Sportsgeist in Steinhaus wieder auf. Man versammelte sich im Dorfgasthaus und organisierte den Verein wieder neu. Zum 1. Vorsitzenden wurde Josef Helmer gew\u00e4hlt\u2026<\/p>\n<p>\u2026 und schon bald ging es auch mit dem Fu\u00dfball wieder weiter. Der Neuanfang war zwar beschwerlich, unsere Aktiven verstanden jedoch zu organisieren. Um nicht immer mit den Fahrr\u00e4dern die langen Wege zu den Ausw\u00e4rtsspielen antreten zu m\u00fcssen, charterten sie kurzerhand einen Milit\u00e4rjeep der befreundeten Fuldaer Amerikaner. So wurden Kr\u00e4fte gespart und der SV stieg mit seiner Mannschaft schon im Jahr 1949 von der B-Klasse in die A-Klasse Mitte auf.<\/p>\n<h1 style=\"text-align: center;\"><i>1946 \u2013 Ausw\u00e4rtsspiel der \u201eBlau-Wei\u00dfen\u201c<\/i><\/h1>\nngg_shortcode_2_placeholder\n<p style=\"text-align: center;\"><i><span style=\"text-decoration: underline;\">von links:<\/span> Otto Huder, Willi Mehler, Ludwig Herbert, Franz Helmer, Helmut Helmer, Ewald Schmitt, Erich Halsch, Loni Aschenbr\u00fccker, Gertrud Aschenbr\u00fccker<\/i><\/p>\n<h1 style=\"text-align: center;\">1950<\/h1>\n<p>Das Jahrzehnt verlief eher unspektakul\u00e4r. Unsere Fu\u00dfballmannschaft musste sich schon im Jahr 1951 wieder aus der A-Klasse verabschieden und hielt sich mit wechselndem Erfolg ganze 16 Jahre in der B-Klasse \u201e\u00fcber Wasser\u201c, bevor im Jahr 1967 wieder ein Meisterteam gek\u00fcrt werden konnte \u2013 doch dazu sp\u00e4ter.<\/p>\n<p>Noch eine bemerkenswerte Historie: Im Jahr 1952 \u00fcbernahm <b>Jakob Bomm<\/b> als<br \/>\n1. Vorsitzender die F\u00fchrung des SV Steinhaus \u2013 ein Mann mit Herz f\u00fcr den Fu\u00dfball und f\u00fcr die Vereinsgemeinschaft. Nach 18 Jahren erfolgreicher Vorstandsarbeit wurde er im Januar 1970 pl\u00f6tzlich aus dem Leben gerissen \u2013 ein Schockerlebnis f\u00fcr den SV.<\/p>\n<p style=\"text-align: left;\" align=\"right\">ngg_shortcode_3_placeholder<\/p>\n<p style=\"text-align: center;\" align=\"right\"><i>Jakob Bomm<br \/>\n18 Jahre Vorsitzender des SV Steinhaus<\/i><\/p>\n<h1 style=\"text-align: center;\">1960<\/h1>\n<p>Es schloss sich ein ereignisreiches Jahrzehnt f\u00fcr den SV Steinhaus an. Zun\u00e4chst f\u00fchrten die Bem\u00fchungen, endlich ein festes Sportgel\u00e4nde auf Dauer zu finden, zum Erfolg.<\/p>\n<p>\u201eG\u00f6tze Acker\u201c, unser heutiger Sportplatz, der einige Meter Gef\u00e4lle hatte, wurde begradigt und zu einem passablen Spielfeld ausgebaut. Gleichzeitig errichtete man vor dem Wald ein kleines Sportlerh\u00e4uschen, das zun\u00e4chst nur als Umkleidehaus gedacht war.<\/p>\n<h1 style=\"text-align: center;\"><i>1964<\/i><\/h1>\nngg_shortcode_4_placeholder\n<p style=\"text-align: center;\"><i>Erdarbeiten auf unserem Sportplatz<\/i><\/p>\n<p>Am 08. Juli 1965 wurde die gesamte Anlage nach ihrer Fertigstellung festlich eingeweiht und zum Spielbetrieb \u00fcbergeben.<\/p>\n<h1 style=\"text-align: center;\"><i>1965 <\/i><\/h1>\nngg_shortcode_5_placeholder\n<p style=\"text-align: center;\"><i>\u00dcbergabe unseres neuen Sportgel\u00e4ndes<\/i><\/p>\n<p>Dieses sch\u00f6ne, neue Sportgel\u00e4nde befl\u00fcgelte offenbar die Fu\u00dfballer so sehr, dass es schon im Jahr 1967 einen viel umjubelten Aufstieg von der B- in die A-Klasse gab. Mit sage und schreibe 144 geschossenen Toren hatten unsere St\u00fcrmer Germann, Heil und Co. alle Rekorde gebrochen, wenngleich mit Gr\u00fcn-Wei\u00df Fulda und Frischauf Fulda zwei hartn\u00e4ckige Verfolger mit jeweils nur einem Punkt R\u00fcckstand auf der Strecke blieben. Am Rande sei hier vermerkt: Der heutige Landesligist TSV Lehnerz belegte mit 11:39 Punkten den 12. Tabellenplatz und wurde Drittletzter.<\/p>\n<p>Die Steinh\u00e4user Elf entwickelte sich zu einem erfolgreichen Team. Nur zwei Jahre sp\u00e4ter feierten sie mit ihrem Trainer Lothar Klimek und ihrem Obmann Josef Diegel\u00admann erneut Meisterschaft und stiegen in die Bezirksklasse auf.<\/p>\nngg_shortcode_6_placeholder\n<p style=\"text-align: center;\"><i><span style=\"text-decoration: underline;\">Stehend von links:<br \/>\n<\/span>Reinhold Heil, Klaus Unger, Bernd Heil, G\u00fcnter Germann, G\u00fcnter Sch\u00fctrumpf, Winfried Brehl, Ernst Findeis, Lothar Klimek<br \/>\n<span style=\"text-decoration: underline;\">kniend von links:<br \/>\n<\/span>Gerhard Brehl, Dieter Umkehr, Erhard Werthm\u00fcller, Hans Sedlmaier, Reinhard Germann, Peter Heil<\/i><\/p>\n<h1 style=\"text-align: center;\"><i>1970<\/i><\/h1>\n<p>In der Bezirksklasse konnte sich die 1.Mannschaft jeden Sonntag mit starken Gegnern messen. Spannende Spiele und eine begeisternde Atmosph\u00e4re auf unserem Sportplatz sorgten f\u00fcr gro\u00dfes Zuschauerinteresse. Zahlreiche Fans begleiteten das Team sogar zu den Ausw\u00e4rtsspielen.<\/p>\n<p>Leider war das Unternehmen \u201eBezirksklasse\u201c nach zwei Spielrunden zu Ende, und die Blau-Wei\u00dfen fanden sich im Jahr 1971 als Absteiger in der A-Klasse wieder.<\/p>\n<p style=\"text-align: center;\">In dieser Klasse f\u00fchlte sich unsere Mannschaft offenbar sehr wohl. Sie entwickelte sich zu einer festen Gr\u00f6\u00dfe und ihre Anh\u00e4nger konnten sich zehn Jahre lang an gutem Fu\u00dfball erfreuen.<\/p>\n<h1 style=\"text-align: center;\"><i>Unsere A-Klasse-Mannschaft von 1973<\/i><\/h1>\nngg_shortcode_7_placeholder\n<p style=\"text-align: center;\"><i>1. Vorsitzender Josef Diegelmann, Torwart Klaus Remmert, Werner Axt, Klaus Unger, Peter Heil, G\u00fcnter Germann, Heribert Aha, Obmann Kunibert Darnieder, G\u00fcnter Sch\u00fctrumpf, Manfred Vollmar, Dieter Um\u00adkehr, Leonhard Gaul, Erhard Werthm\u00fcller,<br \/>\nJosef Bopp<\/i><\/p>\n<h1 style=\"text-align: center;\">1980<\/h1>\n<p>Das Jahrzehnt war von einigen Turbulenzen gepr\u00e4gt. Die ohnehin nicht leichte Vorstandsarbeit litt unter h\u00e4ufigem Wechsel der Vorsitzenden. Der F\u00fchrungsstab wurde nach wenigen Amtsperioden immer wieder weitergegeben, bis letztendlich Hubert Weber im Jahr 1992 wieder l\u00e4ngerfristig das Zepter \u00fcbernahm.<\/p>\n<p>Auch der Fu\u00dfball verlor in dieser Zeit an Substanz und es kam zu einer Talfahrt, die schlie\u00dflich mit dem Abstieg in die B-Klasse endete. Dort tummelte sich unsere Mann\u00adschaft nahezu zehn Jahre, bis es im Jubil\u00e4umsjahr 1991 wieder aufw\u00e4rts ging.<\/p>\n<h1 style=\"text-align: center;\"><i>2. Mannschaft 1985<\/i><\/h1>\nngg_shortcode_8_placeholder\n<p><i>2. Mannschaft:<\/i><i> Josef Farnung, Matthias Diegelmann, J\u00fcrgen Heum\u00fcller, Volker Aschenbr\u00fccker, Manfred Huder, Markus Kircher, Markus Bucksch<\/i><\/p>\n<p><i>Klaus Storch, Manfred Glotzbach, Michael Lechfellner, Thomas Gutrung, Uwe Lingnau, Adolf Walter<\/i><\/p>\n<p>W\u00e4hrend in der Fu\u00dfballabteilung zielstrebig an einem Aufschwung gearbeitet wurde, kamen neue Sportarten beim SV Steinhaus in Mode. So gr\u00fcndeten sich in den Jahren 1979\/80 eine Damengymnastikgruppe, im Jahr 1984 eine Tischtennisabteilung und im Jahr 1985 eine Jazztanzgruppe.<\/p>\n<h1 style=\"text-align: center;\">&nbsp;<i>1. Mannschaft 1989<\/i><\/h1>\n<p><i>&nbsp;ngg_shortcode_9_placeholder<\/i><\/p>\n<p style=\"text-align: center;\"><i><span style=\"text-decoration: underline;\">1. Mannschaft:<\/span><\/i><i> Josef Diegelmann, Matthias Kaib, Walter Flinner, J\u00fcrgen Pletsch, Manfred Glotzbach, Rainer Bahr, Thomas Siefert, Paul Riga, Werner Siefert<\/i><\/p>\n<p style=\"text-align: center;\"><i>Hans-J\u00fcrgen Fr\u00f6hlig, Albrecht Helmer, Holger Brehl, Volker Aschenbr\u00fccker, Thomas Rieser, Ottmar W\u00fcrz, J\u00fcrgen Siefert<\/i><\/p>\n<p><span style=\"text-decoration: underline;\">&nbsp;<\/span><\/p>\n<p>Die <b>Damen-Gymnastikgruppe<\/b> wurde 1965 von Franz Derbort gegr\u00fcndet. 1974 leitete F. Semmler die Gruppe. Aus den vereinsinternen Aufzeichnungen geht hervor, dass es nach einer l\u00e4ngeren Unterbrechung im April 1979 zu einer Neugr\u00fcndung kam. Sch\u00fclerinnen der Lohelandschule wechselten sich in den \u00dcbungsstunden ab.<\/p>\n<p>Vom 1.12.1980 an \u00fcbernahm mit der \u201eNeusteinh\u00e4user\u201c Lehrerin Hildegard Malkomes eine qualifizierte \u00dcbungsleiterin das Training. Es folgte eine Zeit mit vielen \u00f6ffentlichen Aktivit\u00e4ten:<\/p>\n<ul>\n<li>12 Faschingst\u00e4nze, bei KFD-Fasching in Steinau und Steinhaus, Seniorenfastnacht in Petersberg und einigen zus\u00e4tzlichen Auftritten<\/li>\n<li>Gymnastische Auff\u00fchrungen bei Sportfesten des SV<\/li>\n<li>Tanzvorf\u00fchrungen bei B\u00fcrgerfesten in Petersberg<\/li>\n<li>In Zusammenarbeit mit dem Turngau: 1981 Vorf\u00fchrung bei den 2. Europ\u00e4ischen Sportspielen f\u00fcr Behinderte im Stadion Fulda und 1989 beim Landesturnfest in Wiesbaden<\/li>\n<li>Auftritte bei Turnfesten und Gymnastikschauen des Turngaus Fulda-Werra-Rh\u00f6n in Petersberg, Obersuhl, Ransbach, Heringen, Gersfeld<\/li>\n<li>100- j\u00e4hriges Jubil\u00e4um der Pfarrgemeinde Steinau\/Steinhaus<\/li>\n<\/ul>\n<p>&nbsp;<\/p>\n<p>Mit dem 25-j\u00e4hrigen Jubil\u00e4um der Gymnastikgruppe 2004 endeten auch die \u00f6ffentlichen Auftritte der Gymnastikdamen.<\/p>\n<p>Seit&nbsp; September 1997 leitet Alexandra Kaib das Training der Damen-Gym\u00adnastikgruppe. Aerobic, Steppaerobic, Beckenbodentraining, Pezziball-\u00dcbungen und vieles mehr stehen auf dem Programm.<\/p>\n<h1 style=\"text-align: center;\" align=\"right\"><i>1996 Unsere Damengymnastikgruppe<\/i><\/h1>\n<p style=\"text-align: center;\" align=\"right\"><i><i>&nbsp;ngg_shortcode_10_placeholder<\/i>&nbsp;<\/i><\/p>\n<p><i>Petra Herbert, Maria Huder, Eva-Maria J\u00e4stedt, Gerdi Heil, Birgit Grabenau, Helga Kircher, Maria Jastedt, Gisela Menz, Franziska Frohnapfel, Hanni Farnung, Gudrun Weber, Gisela Huder, Ursula Heum\u00fcller, Karin Herbig, Renate Brehl, Marianne Weber, Gisela Hahner, Andrea Nie\u00dfen, Margarete Wadle, Barbara Neuland, Loni Jeschke, Monika Germann, Marlies Sch\u00fctrumpf, Gaby Mehler-B\u00fcttner, Gisela Mehler, Melitta Unger, Michaela Fritsch, Annemarie Diegelmann, Paula Halsch, Hildegard Malkomes, Paula Traud, Annette Trost<\/i><\/p>\n<p>Doch neben dem \u00dcbungsbetrieb haben sich auch gesellige Modalit\u00e4ten etabliert: Allj\u00e4hrlich wird ein Festausschuss bestimmt, der Tagesfahrten, Wanderungen, Faschings-, Herbst- und Weihnachtsfeste organisiert.<\/p>\n<p>Die Gymnastikgruppe wurde eine wichtige S\u00e4ule des Vereins.<\/p>\n<p>Durch Kaffee- und Kuchenverkauf bei Heimspielen der Fu\u00dfballmannschaft wurden viele Frauen an den Sportplatz gelockt.<\/p>\n<p>Es entstanden durch diese Gruppe (ehemalige Mitglieder) weitere Gruppen:<\/p>\n<p>eine gemischte Seniorengymnastikgruppe, Jazztanzgruppen, die zum Teil von Marion Siefert seit 25 Jahren gef\u00fchrt werden und auch erfolgreich an Wettk\u00e4mpfen teilnehmen, sowie Kindergruppen schon f\u00fcr 4-J\u00e4hrige.<\/p>\n<p>&nbsp;<\/p>\n<p>Im Jubil\u00e4umsjahr blickt diese Abteilung auf mehr als 30 aktive Jahre zur\u00fcck \u2013 eine stolze Leistung.<\/p>\n<p>&nbsp;<\/p>\n<p>Als \u201ezartes Pfl\u00e4nzchen\u201c (Zitat des damaligen 1. Vorsitzenden G\u00fcnther Staffel) startete im Jahr 1985 eine <b>Tischtennisabteilung<\/b>. Zahlreiche Hobbyspieler aller Altersklassen trafen sich anfangs mehrmals w\u00f6chentlich zum Training im Dorfgemeinschaftshaus in Steinhaus. Dort wurde auf zwei alten Tisch\u00adtennisplatten gespielt. Sp\u00e4ter wechselte der Trainingsort in die Turnhalle der Wendelinusschule nach Steinau.<\/p>\n<p>&nbsp;<\/p>\n<p>Im August 1987 stiegen vier junge Damen als Jugendliche unter ihrem Trainer Emil Hahner in den Spielbetrieb der Kreisklasse Fulda ein. Das Steinh\u00e4user Quartett kam immer besser in Schwung und stieg von der Kreisliga in die Bezirksklasse, von der Bezirksklasse in die Bezirksliga und im Jahr 1997 in die Bezirksoberliga auf. Mit Sandra M\u00fcller (DJK Gro\u00dfenl\u00fcder), Uta Hartwig (SV Geraberg\/Th\u00fcringen) sowie Judith Kapp und Nicole Hahner (beide TTC Mittelaschenbach) konnte das Team hervorragend verst\u00e4rkt werden.<\/p>\n<p>&nbsp;<\/p>\n<p>Zehn Jahre spielten die SV-Damen in dieser Liga gut mit und konnten einige Male die Tabelle anf\u00fchren. Im Jahr 2008 musste der Spielbetrieb wegen Spielerinnenmangel leider einge\u00adstellt werden. Die Abteilung wurde aufgel\u00f6st und im Hessischen Tischtennisverband abgemeldet.<\/p>\n<p><span style=\"text-decoration: underline;\">&nbsp;<\/span><\/p>\n<p><span style=\"text-decoration: underline;\">&nbsp;<\/span><\/p>\n<p><span style=\"text-decoration: underline;\">&nbsp;<\/span><\/p>\n<p><i>Die Tischtennisdamen des SV Steinhaus<\/i><\/p>\n<p><i>&nbsp;<\/i><\/p>\n<p><i><span style=\"text-decoration: underline;\">von links:<\/span><\/i><\/p>\n<p><i>Birgit Diegelmann, Ulrike Huder, <\/i><\/p>\n<p><i>Anja Diegelmann, Sandra M\u00fcller, <\/i><\/p>\n<p><i>Judith Kapp und Nicole Hahner<\/i><\/p>\n<p><span style=\"text-decoration: underline;\">&nbsp;<\/span><\/p>\n<p align=\"right\"><i>Die 2. Mannschaft (2003)<\/i><\/p>\n<p align=\"right\"><i><span style=\"text-decoration: underline;\">hinten von links<\/span><\/i><i>: <\/i><\/p>\n<p align=\"right\"><i>Andrea Herbert, <\/i><\/p>\n<p align=\"right\"><i>Carolin Hahner,<\/i><\/p>\n<p align=\"right\"><i>Kerstin Stenzl, <\/i><\/p>\n<p align=\"right\"><i>Claudia Ziegeldorf<\/i><\/p>\n<p align=\"right\"><i>&nbsp;und Ortsvorsteher <\/i><\/p>\n<p align=\"right\"><i>Stefan Darnieder,<\/i><\/p>\n<p align=\"right\"><i><span style=\"text-decoration: underline;\">&nbsp;<\/span><\/i><\/p>\n<p align=\"right\"><i><span style=\"text-decoration: underline;\">vorne von links:<\/span><\/i><\/p>\n<p align=\"right\"><i>Elli Elm, Birgit H\u00fctsch, <\/i><\/p>\n<p align=\"right\"><i>Simone Baier<\/i><\/p>\n<p><span style=\"text-decoration: underline;\">&nbsp;<\/span><\/p>\n<p><span style=\"text-decoration: underline;\">&nbsp;<\/span><\/p>\n<p><span style=\"text-decoration: underline;\">&nbsp;<\/span><\/p>\n<p><span style=\"text-decoration: underline;\">&nbsp;<\/span><\/p>\n<p><i>&nbsp;<\/i><\/p>\n<p><i>&nbsp;<\/i><\/p>\n<p><i>&nbsp;<\/i><\/p>\n<p><i>&nbsp;<\/i><\/p>\n<p>Gl\u00e4nzende Zeiten erlebte die Abteilung in den Jahren 2003 bis 2006, als eine zweite Damenmannschaft den Spielbetrieb aufnahm und in der Bezirksklasse hervorragend mitspielte. Mit dem Jubil\u00e4um \u201e20 Jahre Damentischtennis beim SV Steinhaus\u201c im Mai 2006 war der H\u00f6hepunkt erreicht. In der Turnhalle in Steinau fand bei regem Zuschauerinteresse ein Hobbyturnier der \u00f6rtlichen Vereine statt. Die damalige Abteilungsleiterin Birgit H\u00fctsch wurde mit dem Ehrenbrief des Hessischen Tischtennisverbandes ausgezeichnet.<\/p>\n<p><i>&nbsp;<\/i><\/p>\n<p><i>&nbsp;<\/i><\/p>\n<p><b>25 Jahre Jazztanz<\/b> SV Steinhaus<\/p>\n<p>&nbsp;<\/p>\n<p>Wo ist denn nur die Zeit hin? Diese gel\u00e4ufige Frage stellt man sich zu so einem Jubil\u00e4um, wenn man die Jahre Revue passieren l\u00e4sst.<\/p>\n<p>&nbsp;<\/p>\n<p>Fr\u00fcher waren es einige junge M\u00e4dchen, die sich regelm\u00e4\u00dfig einmal in der Woche trafen, um ihrer Tanzleidenschaft, dem Jazztanz, nachzugehen.<\/p>\n<p><b>1986 <\/b>gr\u00fcndete Marion Huder die 1. Nachwuchsgruppe.<\/p>\n<p>Da es viele M\u00e4dchen gab, die Interesse am Tanzen hatten, entstand bald noch eine zus\u00e4tzliche Kindergruppe. Einige von ihnen tanzen noch heute in der Jazz\u00adtanzgruppe Steinhaus.<\/p>\n<p>Im Jahr 2000 qualifizierte sich die Jazztanzgruppe Steinhaus in M\u00fcnster f\u00fcr die Hessischen DTB Wettk\u00e4mpfe.<\/p>\n<p>Das Interesse der Kinder wuchs und es entstand 2004 eine 3. Tanzgruppe. Mit ihren anspruchsvollen T\u00e4nzen und Choreografien konnte man sie nicht nur regional bewundern.<\/p>\n<p>&nbsp;<\/p>\n<p>2004 erzielte die Jazztanzgruppe Steinhaus mit ihrem kreativ darge\u00adbotenen Tanz \u201edie Ameisen\u201c einen tollen Erfolg bei den DTB Quali\u00adfikationswettk\u00e4mpfen in Nidda und stand mit dem 2. Platz auf dem Treppchen.<\/p>\n<p>&nbsp;<\/p>\n<p>Auch 2006 erreichten sie mit dem ausdrucksvollen Tanz \u201edie Zauber\u00adpuppen\u201c den 3. Platz.<\/p>\n<p>&nbsp;<\/p>\n<p>&nbsp;<\/p>\n<p>&nbsp;<\/p>\n<p>Das Tanzen in Steinhaus genie\u00dft gro\u00dfen Zuspruch. Heute hat die Abteilung Jazztanz stolze 7 Gruppen mit \u00fcber 110 Aktiven zu verzeichnen, die sich so aufteilen:<\/p>\n<p>&nbsp;<\/p>\n<p><span style=\"text-decoration: underline;\">&nbsp;<\/span><\/p>\n<p>Sternschnuppen&nbsp;&nbsp;&nbsp;&nbsp;&nbsp;&nbsp;&nbsp;&nbsp;&nbsp;&nbsp;&nbsp;&nbsp;&nbsp;&nbsp;&nbsp;&nbsp;&nbsp;&nbsp;&nbsp;&nbsp;&nbsp;&nbsp;&nbsp;&nbsp;&nbsp;&nbsp;&nbsp; Nadine Hillenbrand, Alexandra Kaib<\/p>\n<p>dance cats&nbsp;&nbsp;&nbsp;&nbsp;&nbsp;&nbsp;&nbsp;&nbsp;&nbsp;&nbsp;&nbsp;&nbsp;&nbsp;&nbsp;&nbsp;&nbsp;&nbsp;&nbsp;&nbsp;&nbsp;&nbsp;&nbsp;&nbsp;&nbsp;&nbsp;&nbsp;&nbsp;&nbsp;&nbsp;&nbsp;&nbsp;&nbsp;&nbsp;&nbsp;&nbsp;&nbsp; Anika Waider<\/p>\n<p>Pretty girls&nbsp;&nbsp;&nbsp;&nbsp;&nbsp;&nbsp;&nbsp;&nbsp;&nbsp;&nbsp;&nbsp;&nbsp;&nbsp;&nbsp;&nbsp;&nbsp;&nbsp;&nbsp;&nbsp;&nbsp;&nbsp;&nbsp;&nbsp;&nbsp;&nbsp;&nbsp;&nbsp;&nbsp;&nbsp;&nbsp;&nbsp;&nbsp;&nbsp;&nbsp;&nbsp;&nbsp; Marion Siefert<\/p>\n<p>Let\u00b4s dance&nbsp;&nbsp;&nbsp;&nbsp;&nbsp;&nbsp;&nbsp;&nbsp;&nbsp;&nbsp;&nbsp;&nbsp;&nbsp;&nbsp;&nbsp;&nbsp;&nbsp;&nbsp;&nbsp;&nbsp;&nbsp;&nbsp;&nbsp;&nbsp;&nbsp;&nbsp;&nbsp;&nbsp;&nbsp;&nbsp;&nbsp;&nbsp;&nbsp;&nbsp; Marion Siefert<\/p>\n<p>Charisma&nbsp;&nbsp;&nbsp;&nbsp;&nbsp;&nbsp;&nbsp;&nbsp;&nbsp;&nbsp;&nbsp;&nbsp;&nbsp;&nbsp;&nbsp;&nbsp;&nbsp;&nbsp;&nbsp;&nbsp;&nbsp;&nbsp;&nbsp;&nbsp;&nbsp;&nbsp;&nbsp;&nbsp;&nbsp;&nbsp;&nbsp;&nbsp;&nbsp;&nbsp;&nbsp;&nbsp;&nbsp;&nbsp; Marion Siefert<\/p>\n<p>Fireflies&nbsp;&nbsp;&nbsp;&nbsp;&nbsp;&nbsp;&nbsp;&nbsp;&nbsp;&nbsp;&nbsp;&nbsp;&nbsp;&nbsp;&nbsp;&nbsp;&nbsp;&nbsp;&nbsp;&nbsp;&nbsp;&nbsp;&nbsp;&nbsp;&nbsp;&nbsp;&nbsp;&nbsp;&nbsp;&nbsp;&nbsp;&nbsp;&nbsp;&nbsp;&nbsp;&nbsp;&nbsp;&nbsp;&nbsp;&nbsp;&nbsp; Daniela Kemmerzell<\/p>\n<p>Jazztanzgruppe Steinhaus&nbsp;&nbsp;&nbsp;&nbsp;&nbsp;&nbsp;&nbsp;&nbsp;&nbsp;&nbsp;&nbsp; Marion Siefert<\/p>\n<p>&nbsp;<\/p>\n<p><span style=\"text-decoration: underline;\">&nbsp;<\/span><\/p>\n<p>&nbsp;<\/p>\n<p>Unsere Jazztanzgruppe feierte am 16. April dieses Jahres ihr 25-j\u00e4hriges Bestehen. Der SV Steinhaus ist sehr stolz auf diese Sportlerinnen.<\/p>\n<p><span style=\"text-decoration: underline;\">&nbsp;<\/span><\/p>\n<p><span style=\"text-decoration: underline;\">&nbsp;<\/span><\/p>\n<p><span style=\"text-decoration: underline;\">&nbsp;<\/span><\/p>\n<p><span style=\"text-decoration: underline;\">&nbsp;<\/span><\/p>\n<p><span style=\"text-decoration: underline;\">&nbsp;<\/span><\/p>\n<p><span style=\"text-decoration: underline;\">&nbsp;<\/span><\/p>\n<p><span style=\"text-decoration: underline;\">&nbsp;<\/span><\/p>\n<p><span style=\"text-decoration: underline;\">&nbsp;<\/span><\/p>\n<p><span style=\"text-decoration: underline;\">&nbsp;<\/span><\/p>\n<p><span style=\"text-decoration: underline;\">&nbsp;<\/span><\/p>\n<p>&nbsp;<\/p>\n<table cellspacing=\"0\" cellpadding=\"0\">\n<tbody>\n<tr>\n<td width=\"711\" height=\"48\">\n<table width=\"100%\" cellspacing=\"0\" cellpadding=\"0\">\n<tbody>\n<tr>\n<td>\n<div>\n<p align=\"right\"><span style=\"text-decoration: underline;\">1990&nbsp;&nbsp;&nbsp;&nbsp;&nbsp; &nbsp;&nbsp;&nbsp;&nbsp;&nbsp;&nbsp;&nbsp;&nbsp;&nbsp;&nbsp;&nbsp;&nbsp;&nbsp;&nbsp;&nbsp;&nbsp;&nbsp;&nbsp;&nbsp;&nbsp;&nbsp;&nbsp;&nbsp;&nbsp;&nbsp;&nbsp;&nbsp;&nbsp;&nbsp;&nbsp;&nbsp;&nbsp;&nbsp;&nbsp;&nbsp;&nbsp;&nbsp;&nbsp;&nbsp;&nbsp;&nbsp;&nbsp;&nbsp;&nbsp;&nbsp;&nbsp;&nbsp;&nbsp;&nbsp;&nbsp;&nbsp;&nbsp;&nbsp;&nbsp;&nbsp;&nbsp;&nbsp;&nbsp;&nbsp;&nbsp;&nbsp;&nbsp;&nbsp;&nbsp;&nbsp;&nbsp;&nbsp;&nbsp;&nbsp;&nbsp;&nbsp;&nbsp;&nbsp;&nbsp;&nbsp;&nbsp;&nbsp;&nbsp;&nbsp;&nbsp;&nbsp;&nbsp;&nbsp;&nbsp;&nbsp;&nbsp;&nbsp;&nbsp;&nbsp;&nbsp;&nbsp;&nbsp;&nbsp;&nbsp;&nbsp;&nbsp;&nbsp;&nbsp;&nbsp;&nbsp;&nbsp;&nbsp;&nbsp;&nbsp;&nbsp;&nbsp;&nbsp;&nbsp;&nbsp;&nbsp;&nbsp;&nbsp;&nbsp;&nbsp;&nbsp;&nbsp;&nbsp;&nbsp;&nbsp;&nbsp;&nbsp;&nbsp;&nbsp;&nbsp;&nbsp;&nbsp;&nbsp;&nbsp;&nbsp;&nbsp;&nbsp;&nbsp;&nbsp;&nbsp;\u00ad&nbsp;&nbsp;&nbsp;&nbsp;&nbsp;&nbsp;&nbsp;&nbsp;&nbsp;&nbsp;&nbsp;&nbsp;&nbsp;&nbsp;&nbsp;&nbsp;&nbsp;&nbsp;&nbsp;&nbsp;&nbsp;&nbsp;&nbsp;&nbsp;&nbsp;&nbsp;&nbsp;&nbsp;&nbsp;&nbsp;&nbsp;&nbsp;&nbsp;&nbsp;&nbsp;&nbsp;&nbsp;&nbsp;&nbsp;&nbsp;&nbsp;&nbsp;&nbsp;&nbsp;&nbsp;&nbsp;&nbsp;&nbsp;&nbsp;&nbsp;&nbsp;&nbsp;&nbsp;&nbsp;&nbsp;&nbsp;&nbsp;&nbsp;&nbsp;&nbsp;&nbsp;&nbsp;&nbsp;&nbsp;&nbsp;&nbsp;&nbsp;&nbsp;&nbsp;&nbsp;&nbsp;&nbsp;&nbsp;&nbsp;&nbsp;&nbsp;&nbsp;&nbsp;&nbsp;&nbsp;&nbsp;&nbsp;&nbsp;&nbsp;&nbsp;&nbsp;&nbsp;&nbsp;&nbsp;&nbsp;&nbsp;&nbsp;&nbsp;&nbsp;&nbsp;&nbsp;&nbsp;&nbsp;&nbsp;&nbsp;&nbsp;&nbsp;&nbsp;&nbsp;&nbsp;&nbsp;&nbsp;&nbsp;&nbsp;&nbsp;&nbsp;&nbsp;&nbsp;&nbsp;&nbsp;&nbsp;&nbsp;&nbsp;&nbsp;&nbsp;&nbsp;&nbsp;&nbsp;&nbsp;&nbsp;&nbsp;&nbsp;&nbsp;&nbsp;&nbsp;&nbsp;&nbsp;&nbsp;&nbsp;&nbsp;&nbsp;&nbsp;&nbsp;&nbsp;&nbsp;&nbsp;&nbsp;&nbsp; &nbsp;&nbsp;&nbsp;&nbsp;&nbsp;&nbsp;&nbsp;&nbsp;&nbsp;&nbsp;&nbsp;&nbsp;&nbsp;&nbsp;&nbsp;&nbsp;&nbsp;&nbsp;<\/span><\/p>\n<\/div>\n<\/td>\n<\/tr>\n<\/tbody>\n<\/table>\n<\/td>\n<\/tr>\n<\/tbody>\n<\/table>\n<p>Auf der Jahreshauptversammlung im Jahr 1991 gr\u00fcndete sich eine <b>Senioren-Gymnastikgruppe.<\/b> Zahlreiche Steinh\u00e4user Senioren fanden sich zusammen und f\u00fchrten im DGH ihre \u00dcbungen durch. Nat\u00fcrlich hatte in dieser Gruppe die Geselligkeit einen besonderen Stellenwert. Auch Feste und Ausfl\u00fcge geh\u00f6rten zum \u201eTrainingsprogramm\u201c. Eine der Gr\u00fcnderinitiatoren war unsere langj\u00e4hrige Aktive Frau Helga Hoenke.<\/p>\n<p>&nbsp;<\/p>\n<p><span style=\"text-decoration: underline;\">&nbsp;<\/span><\/p>\n<p><span style=\"text-decoration: underline;\">&nbsp;<\/span><\/p>\n<p><i>Unsere Senioren-Gymnastikgruppe, links im Bild die \u00dcbungsleiterin Gaby Seibert<\/i><\/p>\n<p><span style=\"text-decoration: underline;\">&nbsp;<\/span><\/p>\n<p><span style=\"text-decoration: underline;\">&nbsp;<\/span><\/p>\n<p><span style=\"text-decoration: underline;\">&nbsp;<\/span><\/p>\n<p><span style=\"text-decoration: underline;\">&nbsp;<\/span><\/p>\n<p><span style=\"text-decoration: underline;\">&nbsp;<\/span><\/p>\n<p><span style=\"text-decoration: underline;\">&nbsp;<\/span><\/p>\n<p><span style=\"text-decoration: underline;\">&nbsp;<\/span><\/p>\n<p><span style=\"text-decoration: underline;\">&nbsp;<\/span><\/p>\n<p><span style=\"text-decoration: underline;\">&nbsp;<\/span><\/p>\n<p><span style=\"text-decoration: underline;\">&nbsp;<\/span><\/p>\n<p><span style=\"text-decoration: underline;\">&nbsp;<\/span><\/p>\n<p>Die Vereinshistorie w\u00e4re nicht komplett, wenn wir nicht unseren unerm\u00fcdlichen <b>L\u00e4ufern <\/b>hier einen Platz einr\u00e4umten.<\/p>\n<p>Es ist nur eine kleine Gruppe, aber die vielen Kilometer, die unsere L\u00e4ufer schon zur\u00fcckgelegt haben, sind wohl nicht mehr zu z\u00e4hlen. Mehr als zwei Jahrzehnte zeigten sie auf zahlreichen Cross- und Volksl\u00e4ufen ihren Sport\u00adkameraden die Hacken und machten den SV Steinhaus weit bekannt.<\/p>\n<p>&nbsp;<\/p>\n<p align=\"right\"><i>&nbsp;<\/i><\/p>\n<p align=\"right\"><i><span style=\"text-decoration: underline;\">Oberes Bild:<\/span><\/i><\/p>\n<p align=\"right\"><i>&nbsp;<\/i><\/p>\n<p align=\"right\"><i>Die Habermann-Br\u00fcder <\/i><\/p>\n<p align=\"right\"><i>Helmut und Otto<\/i><\/p>\n<p align=\"right\"><i>&nbsp;<\/i><\/p>\n<p align=\"right\"><i>&nbsp;<\/i><\/p>\n<p align=\"right\"><i>&nbsp;<\/i><\/p>\n<p align=\"right\"><i><span style=\"text-decoration: underline;\">Unteres Bild:<\/span><\/i><\/p>\n<p align=\"right\"><i>&nbsp;<\/i><\/p>\n<p align=\"right\"><i>Unser L\u00e4ufer Josef Trott, <\/i><\/p>\n<p align=\"right\"><i>heuer im 82. Lebensjahr<\/i><\/p>\n<p align=\"right\"><i>&nbsp;\u2013 er l\u00e4uft und l\u00e4uft und l\u00e4uft.<\/i><\/p>\n<p><span style=\"text-decoration: underline;\">&nbsp;<\/span><\/p>\n<p><span style=\"text-decoration: underline;\">&nbsp;<\/span><\/p>\n<p><span style=\"text-decoration: underline;\">&nbsp;<\/span><\/p>\n<p><span style=\"text-decoration: underline;\">&nbsp;<\/span><\/p>\n<p><span style=\"text-decoration: underline;\">&nbsp;<\/span><\/p>\n<p><span style=\"text-decoration: underline;\">&nbsp;<\/span><\/p>\n<p>Nat\u00fcrlich ging es auch mit dem Fu\u00dfball wieder weiter. Im Jahr 1991, p\u00fcnktlich zum 80-j\u00e4hrigen Vereinsjubil\u00e4um, stieg unsere 1. Mannschaft nach einer langen Durststrecke wieder in die A-Liga auf.<\/p>\n<p><span style=\"text-decoration: underline;\">&nbsp;<\/span><\/p>\n<p>&nbsp;<\/p>\n<p><i>Die Aufstiegsmannschaft 1991 <\/i><\/p>\n<p><i>Vizemeister der B-Liga<\/i><\/p>\n<p><i><span style=\"text-decoration: underline;\">&nbsp;<\/span><\/i><\/p>\n<p><i><span style=\"text-decoration: underline;\">hinten von links: <\/span><\/i><\/p>\n<p><i>Hubert Weber, Thomas Siefert, Michael Diegelmann, Udo Wilhelm, Holger Brehl, Marco Weber, Martin Sauer, Lars H\u00fctsch, Gerhard Damm, Matthias Kaib<\/i><\/p>\n<p><i><span style=\"text-decoration: underline;\">&nbsp;<\/span><\/i><\/p>\n<p><i><span style=\"text-decoration: underline;\">vorne von links:<\/span><\/i><\/p>\n<p><i>Volker Aschenbr\u00fccker, Matteo D`Amato, Thomas Rieser, Alexander Braun, Marco Heum\u00fcller, Thorsten H\u00fctsch, Hans-J\u00fcrgen Fr\u00f6hlig, Markus Bucksch<\/i><\/p>\n<p>&nbsp;<\/p>\n<p>&nbsp;<\/p>\n<p>Mit Hurra st\u00fcrmte unsere Elf unter unserem Trainer G\u00fcnter Seifert sofort wieder in die Spitzengruppe und lag am Ende punktgleich mit dem FSV Schwarzbach auf Rang 2. In Wiesen trat die Mannschaft zu einem denkw\u00fcrdigen Entschei\u00addungsspiel an. Erst als der 5. Elfmeter \u00fcber die Querlatte strich, musste unsere Elf den Platz als Verlierer verlassen. Aber in der anschlie\u00dfenden Rele\u00adgationsrunde waren Seiferts Mannen wieder da und setzten sich gegen Bimbach und B\u00fcchenberg durch. Somit ging es f\u00fcr den SV in die Bezirksliga.<\/p>\n<p><span style=\"text-decoration: underline;\">&nbsp;<\/span><\/p>\n<p><span style=\"text-decoration: underline;\">&nbsp;<\/span><\/p>\n<p><span style=\"text-decoration: underline;\">&nbsp;<\/span><\/p>\n<p><i>Meistermannschaft 1996\/97<\/i><\/p>\n<p><span style=\"text-decoration: underline;\">&nbsp;<\/span><\/p>\n<p><i><span style=\"text-decoration: underline;\">Hinten von links:<\/span><\/i><i> G\u00fcnther Seifert (Trainer), Werner Bott, Timo Sch\u00fctrumpf, Thomas Siefert, Holger Brehl, Murat Baspinar, Uwe Hillenbrand, Thomas Heil, Thomas Rieser<\/i><\/p>\n<p><i>&nbsp;<\/i><\/p>\n<p><i><span style=\"text-decoration: underline;\">Mitte von links:<\/span><\/i><i> Josef Farnung (Obmann), Wolfgang Richter, Oliver Mehler, Thorsten Kl\u00fch, Andreas Heil, Marco Weber, Stefan Walter, Hubert Weber, Wolfgang Herbert<\/i><\/p>\n<p><i><span style=\"text-decoration: underline;\">&nbsp;<\/span><\/i><\/p>\n<p><i><span style=\"text-decoration: underline;\">Vorne vin links:<\/span><\/i><i> Marko Heum\u00fcller, Frank Hauke, Christian Schirmer, Alexander Braun, J\u00fcrgen Heil, Michael Diegelmann, Stefan Weber<\/i><\/p>\n<p><span style=\"text-decoration: underline;\">&nbsp;<\/span><\/p>\n<p><span style=\"text-decoration: underline;\">&nbsp;<\/span><\/p>\n<p>Schon in der Spielrunde 1993\/94 kam ein erneuter R\u00fcckschlag. Mit Tabellenplatz 14 hatte sich das Team soeben noch auf den Relegationsplatz gerettet, der allerdings ein Entscheidungsspiel mit der DJK Gro\u00dfenl\u00fcder nach sich zog. Dieses Spiel wurde in einer spannenden Partie ungl\u00fccklich verloren. Damit hie\u00df der Fu\u00dfballalltag wieder A-Liga Fulda-Ost \u2013 wie gehabt.<\/p>\n<p>&nbsp;<\/p>\n<p>Mit dem Motivationsk\u00fcnstler G\u00fcnter Seifert als Trainer brauchte der SVS ganze drei Jahre, um von Tabellenplatz 10 \u00fcber eine verpasste Relegation in Thaiden wieder Meister zu werden. Das war dann nicht nur der erneute Aufstieg, sondern auch der Start in eine neue Fu\u00dfball\u00e4ra beim SV Steinhaus.<\/p>\n<p>&nbsp;<\/p>\n<p>Das Bild zeigt unsere Meistermannschaft 1996\/97, die vor dem TSV Langenbieber in die Bezirksliga aufstieg.<\/p>\n<p><span style=\"text-decoration: underline;\">&nbsp;<\/span><\/p>\n<p><i>Aufsteiger 1998\/99<\/i><\/p>\n<p><span style=\"text-decoration: underline;\">&nbsp;<\/span><\/p>\n<p><i>Das Bild zeigt den Relegationssieger und Aufsteiger 1998\/99 in die Bezirksoberliga mit Trainer, Betreuern und Anh\u00e4ngern.<\/i><\/p>\n<p><i>&nbsp;<\/i><\/p>\n<p><i>Martin Stumpf, Marco Heum\u00fcller, Andreas Heil, G\u00fcnter Sch\u00fctrumpf, Steffen Sch\u00fct\u00adrumpf, Alexander Braun, Marco Weber, Oliver Mehler, Holger Brehl, Frank Hauke, Thorsten Kl\u00fch, Andreas Wiegand, Stefan Walter, Timo Sch\u00fctrumpf, Uwe Hillenbrand, J\u00fcrgen Heil, Stefan Weber, R\u00fcdiger Seidl, Manfred Vollmar, Werner Bott, Thomas Heil<\/i><\/p>\n<p><i>&nbsp;<\/i><\/p>\n<p><span style=\"text-decoration: underline;\">&nbsp;<\/span><\/p>\n<p><span style=\"text-decoration: underline;\">&nbsp;<\/span><\/p>\n<p>Schon in der Spielsaison 1997\/98 klopfte die Blau-Wei\u00dfe Elf als Tabellendritter wieder oben an, musste aber noch ein Jahr warten, bis ihr unter Trainer Martin Stumpf der viel umjubelte und heftig gefeierte Aufstieg in die Bezirksoberliga gelang. In einer Relegationsrunde setzte sich unser Team gegen drei weitere Mitbewerber durch und ging in allen drei Spielen als Sieger vom Platz.<\/p>\n<p>&nbsp;<\/p>\n<p><span style=\"text-decoration: underline;\">&nbsp;<\/span><\/p>\n<p><span style=\"text-decoration: underline;\">&nbsp;<\/span><\/p>\n<p><b>Nachwuchsarbeit<\/b> wurde beim SV Steinhaus schon immer gro\u00df geschrieben. Mit einem qualifizierten und hoch motivierten Trainerteam wurden zahlreiche Talente gef\u00f6rdert und zu guten Mannschaften geformt. Das wirkte sich immer wieder auf die Spielkultur unserer 1. Mannschaft aus. Hierbei stand der Einsatz Steinh\u00e4user Eigengew\u00e4chse besonders im Vordergrund. Erst als die Altersgruppen st\u00e4rker in die Juniorenbereiche A, B, C und D gegliedert wurden, bem\u00fchte sich der SV Steinhaus \u2013 so wie viele andere Clubs \u2013 um eine Spielgemeinschaft. Die wurde letztendlich mit den Nachbarvereinen Dietershan und Marbach zur DMS Haunetal gebildet. Neben tollen Erfolgen und Meistertiteln in Serie wurde der vorbildlichen Nachwuchsarbeit im Jahr 1994 die Sepp Herberger Urkunde verliehen, eine hohe Auszeichnung.<\/p>\n<p>&nbsp;<\/p>\n<p>Ein namhafter Gegner unserer Sch\u00fclermannschaft 1990 war die D-Jugend der Borussia M\u00f6nchengladbach.<\/p>\n<p>Heute, gut 20 Jahre sp\u00e4ter, sind nur noch einige von ihnen auf Fu\u00dfball\u00adpl\u00e4tzen aktiv.<\/p>\n<p><span style=\"text-decoration: underline;\">&nbsp;<\/span><\/p>\n<p><span style=\"text-decoration: underline;\">Michael Fl\u00f6ck <\/span><\/p>\n<p>Union Netteltal \u2013 Landesliga<\/p>\n<p>&nbsp;<\/p>\n<p><span style=\"text-decoration: underline;\">Daniel Puzic <\/span><\/p>\n<p>Rheydter Spielverein \u2013 Landesliga<\/p>\n<p>&nbsp;<\/p>\n<p><span style=\"text-decoration: underline;\">Stephan Benninghausen <\/span><\/p>\n<p>FC Korschenbroich \u2013 Bezirksliga<\/p>\n<p>&nbsp;<\/p>\n<p><span style=\"text-decoration: underline;\">Ingo Boochs <\/span><\/p>\n<p>Gr\u00fcn-Wei\u00df Holt \u2013 Bezirksliga<\/p>\n<p><span style=\"text-decoration: underline;\">&nbsp;<\/span><\/p>\n<p><span style=\"text-decoration: underline;\">&nbsp;<\/span><\/p>\n<p>&nbsp;<\/p>\n<table cellspacing=\"0\" cellpadding=\"0\">\n<tbody>\n<tr>\n<td width=\"701\" height=\"48\">\n<table width=\"100%\" cellspacing=\"0\" cellpadding=\"0\">\n<tbody>\n<tr>\n<td>\n<div>\n<p align=\"right\"><span style=\"text-decoration: underline;\">2000&nbsp;&nbsp;&nbsp;&nbsp;&nbsp; &nbsp;&nbsp;&nbsp;&nbsp;&nbsp;&nbsp;&nbsp;&nbsp;&nbsp;&nbsp;&nbsp;&nbsp;&nbsp;&nbsp;&nbsp;&nbsp;&nbsp;&nbsp;&nbsp;&nbsp;&nbsp;&nbsp;&nbsp;&nbsp;&nbsp;&nbsp;&nbsp;&nbsp;&nbsp;&nbsp;&nbsp;&nbsp;&nbsp;&nbsp;&nbsp;&nbsp;&nbsp;&nbsp;&nbsp;&nbsp;&nbsp;&nbsp;&nbsp;&nbsp;&nbsp;&nbsp;&nbsp;&nbsp;&nbsp;&nbsp;&nbsp;&nbsp;&nbsp;&nbsp;&nbsp;&nbsp;&nbsp;&nbsp;&nbsp;&nbsp;&nbsp;&nbsp;&nbsp;&nbsp;&nbsp;&nbsp;&nbsp;&nbsp;&nbsp;&nbsp;&nbsp;&nbsp;&nbsp;&nbsp;&nbsp;&nbsp;&nbsp;&nbsp;&nbsp;&nbsp;&nbsp;&nbsp;&nbsp;&nbsp;&nbsp;&nbsp;&nbsp;&nbsp;&nbsp;&nbsp;&nbsp;&nbsp;&nbsp;&nbsp;&nbsp;&nbsp;&nbsp;&nbsp;&nbsp;&nbsp;&nbsp;&nbsp;&nbsp;&nbsp;&nbsp;&nbsp;&nbsp;&nbsp;&nbsp;&nbsp;&nbsp;&nbsp;&nbsp;&nbsp;&nbsp;&nbsp;&nbsp;&nbsp;&nbsp;&nbsp;&nbsp;&nbsp;&nbsp;&nbsp;&nbsp;&nbsp;&nbsp;&nbsp;&nbsp;&nbsp;&nbsp;&nbsp;&nbsp;&nbsp;\u00ad&nbsp;&nbsp;&nbsp;&nbsp;&nbsp;&nbsp;&nbsp;&nbsp;&nbsp;&nbsp;&nbsp;&nbsp;&nbsp;&nbsp;&nbsp;&nbsp;&nbsp;&nbsp;&nbsp;&nbsp;&nbsp;&nbsp;&nbsp;&nbsp;&nbsp;&nbsp;&nbsp;&nbsp;&nbsp;&nbsp;&nbsp;&nbsp;&nbsp;&nbsp;&nbsp;&nbsp;&nbsp;&nbsp;&nbsp;&nbsp;&nbsp;&nbsp;&nbsp;&nbsp;&nbsp;&nbsp;&nbsp;&nbsp;&nbsp;&nbsp;&nbsp;&nbsp;&nbsp;&nbsp;&nbsp;&nbsp;&nbsp;&nbsp;&nbsp;&nbsp;&nbsp;&nbsp;&nbsp;&nbsp;&nbsp;&nbsp;&nbsp;&nbsp;&nbsp;&nbsp;&nbsp;&nbsp;&nbsp;&nbsp;&nbsp;&nbsp;&nbsp;&nbsp;&nbsp;&nbsp;&nbsp;&nbsp;&nbsp;&nbsp;&nbsp;&nbsp;&nbsp;&nbsp;&nbsp;&nbsp; &nbsp;&nbsp;&nbsp;&nbsp;&nbsp;&nbsp;&nbsp;&nbsp;&nbsp;&nbsp;&nbsp;&nbsp;&nbsp;&nbsp;&nbsp;&nbsp;&nbsp;&nbsp;&nbsp;&nbsp;&nbsp;&nbsp;&nbsp;&nbsp;&nbsp;&nbsp;&nbsp;&nbsp;&nbsp;&nbsp;&nbsp;&nbsp;&nbsp;&nbsp;&nbsp;&nbsp;&nbsp;&nbsp;&nbsp;&nbsp;&nbsp;&nbsp;&nbsp;&nbsp;&nbsp;&nbsp;&nbsp;&nbsp;&nbsp;&nbsp;&nbsp;&nbsp;&nbsp;&nbsp;&nbsp;&nbsp;&nbsp;&nbsp;&nbsp;&nbsp;&nbsp;&nbsp;&nbsp;&nbsp;&nbsp;&nbsp;&nbsp;&nbsp;&nbsp;&nbsp;&nbsp;<\/span><\/p>\n<\/div>\n<\/td>\n<\/tr>\n<\/tbody>\n<\/table>\n<\/td>\n<\/tr>\n<\/tbody>\n<\/table>\n<p>Unsere 1. Fu\u00dfballmannschaft konnte sich in der Bezirksoberliga gl\u00e4nzend etablieren. In der Meisterschaftsrunde 2004\/2005 wurde das Team unter dem Trainer Markus Wingenfeld Vizemeister und spielte um den Aufstieg in die Verbandsliga mit.<\/p>\n<p>Unsere Elf schlug sich tapfer, der Aufstieg blieb uns gl\u00fccklicherweise erspart.<\/p>\n<p>&nbsp;<\/p>\n<p>Hierzu eine kleine Statistik unserer 1. Mannschaft seit ihrem Aufstieg in die BOL Fulda<\/p>\n<table width=\"624\" cellspacing=\"0\" cellpadding=\"0\" border=\"1\" align=\"left\">\n<tbody>\n<tr>\n<td width=\"137\" valign=\"top\"><b>&nbsp;<\/b><\/td>\n<\/tr>\n<\/tbody>\n<\/table>\n<p><b>Saison<\/b><\/p>\n<p align=\"center\"><b>&nbsp;<\/b><\/p>\n<p align=\"center\"><b>Tabellenlplatz<\/b><\/p>\n<p align=\"center\"><b>&nbsp;<\/b><\/p>\n<p><b>Trainer<\/b><\/p>\n<p align=\"center\"><b>&nbsp;<\/b><\/p>\n<p><b>Spielklasse<\/b><\/p>\n<p><b>1998 \/ 1999<\/b><\/p>\n<p align=\"center\">Aufstieg nach<\/p>\n<p align=\"center\">Relegation<\/p>\n<p>&nbsp;<\/p>\n<p>&nbsp;<\/p>\n<p>Martin Stumpf<\/p>\n<p>BOL<b>1999 \/ 2000<\/b><\/p>\n<p align=\"center\">10.<\/p>\n<p>Martin StumpfBOL<b>2000 \/ 2001<\/b><\/p>\n<p align=\"center\">7.<\/p>\n<p>Manfred GeierBOL<b>2001 \/ 2002<\/b><\/p>\n<p align=\"center\">6.<\/p>\n<p>Manfred GeierBOL<b>2002 \/ 2003<\/b><\/p>\n<p align=\"center\">3.<\/p>\n<p>Matthias WildeBOL<b>2003 \/ 2004<\/b><\/p>\n<p align=\"center\">6.<\/p>\n<p>G\u00fcnther SeifertBOL<b>2004 \/ 2005<\/b><\/p>\n<p align=\"center\">2.<\/p>\n<p>Markus WingenfeldBOL<b>2005 \/ 2006<\/b><\/p>\n<p align=\"center\">8.<\/p>\n<p>Markus WingenfeldBOL<b>2006 \/ 2007<\/b><\/p>\n<p align=\"center\">11.<\/p>\n<p>Markus WingenfeldBOL<b>2007 \/ 2008<\/b><\/p>\n<p align=\"center\">14.<\/p>\n<p>Friedhelm BottGruppenliga<b>2008 \/ 2009<\/b><\/p>\n<p align=\"center\">9.<\/p>\n<p>Murat KamaliGruppenliga<b>2009 \/ 2010<\/b><\/p>\n<p align=\"center\">9.<\/p>\n<p>Murat KamaliGruppenliga<b>2010 \/ 2011<\/b>&nbsp;Murat KamaliGruppenliga<\/p>\n<p>&nbsp;<\/p>\n<p>&nbsp;<\/p>\n<p><span style=\"text-decoration: underline;\">&nbsp;<\/span><\/p>\n<p><span style=\"text-decoration: underline;\">&nbsp;<\/span><\/p>\n<p>Auch unsere 2. Mannschaft hat sich nach der Umgruppierung in die B-Liga Fulda-Mitte gut erholt und spielt im vorderen Tabellendrittel mit.<\/p>\n<p>&nbsp;<\/p>\n<p>Die Alte-Herren-Abteilung konnte durch die Gr\u00fcndung einer Spielgemeinschaft mit der SG Dammersbach \/ N\u00fcst ihren Spielerkader erweitern und nimmt rege am Freundschaftsspielbetrieb teil.<\/p>\n<p>&nbsp;<\/p>\n<p>Die Nachwuchsarbeit l\u00e4uft auf Hochtouren, die Vereinstrainer und die Trainer der DMS-Spielgemeinschaft sind unerm\u00fcdlich. Mit Junioren\u00admannschaften der Altersgruppen B, C, D und E ist der SV mit jungen Spielern auf dem besten Weg. In einer Bambinimannschaft werden die kleinsten Talente schon geschmiedet.<\/p>\n<p>&nbsp;<\/p>\n<p>Anfang Februar 2011 besuchten zwei DFB-Trainer mit ihrem DFB-Mobil den SV-Nachwuchs. Dieses Aufeinandertreffen ist ein weiterer aktueller Beweis f\u00fcr die regen Aktivit\u00e4ten unserer kleinen Nachwuchskicker und der besonderen Initiativen unserer Vereinstrainer und Betreuer.<\/p>\n<p><span style=\"text-decoration: underline;\">&nbsp;<\/span><\/p>\n<p>&nbsp;<\/p>\n<p><i>\u00dcbungseinheit mit den DFB-Trainern und dem SV Trainerteam Marco Heum\u00fcller, Uwe Hillenbrand und Marco Weber in der Turnhalle in Steinau am 10.02.2011<\/i><\/p>\n<p><span style=\"text-decoration: underline;\">&nbsp;<\/span><\/p>\n<p align=\"right\"><span style=\"text-decoration: underline;\">&nbsp;<\/span><\/p>\n<p align=\"right\"><span style=\"text-decoration: underline;\">&nbsp;<\/span><\/p>\n<p><span style=\"text-decoration: underline;\">&nbsp;<\/span><\/p>\n<p><span style=\"text-decoration: underline;\">&nbsp;<\/span><\/p>\n<p><span style=\"text-decoration: underline;\">&nbsp;<\/span><\/p>\n<p><span style=\"text-decoration: underline;\">&nbsp;<\/span><\/p>\n","protected":false},"excerpt":{"rendered":"<p>Bewegung und Sport treiben ist ein Gedanke, der unsere V\u00e4ter, Gro\u00df- und Urgro\u00dfv\u00e4ter schon vor 100 Jahren inspiriert hat. Nat\u00fcrlich hatte der Fu\u00dfball damals schon seine Anziehungskraft, zumal diese Sportart erst wenige Jahre zuvor auf deutschem Boden \u201esalonf\u00e4hig\u201c wurde. Lange Zeit hatten die Initiatoren um den Braunschweiger Gymnasiallehrer Konrad Koch f\u00fcr die Anerkennung des Fu\u00dfballs &hellip; <a href=\"https:\/\/svsteinhaus1911.de\/index.php\/historie\/\" class=\"more-link\"><span class=\"screen-reader-text\">Historie<\/span> weiterlesen<\/a><\/p>\n","protected":false},"author":1,"featured_media":0,"parent":0,"menu_order":0,"comment_status":"closed","ping_status":"closed","template":"","meta":{"ngg_post_thumbnail":0,"footnotes":""},"class_list":["post-433","page","type-page","status-publish","hentry"],"_links":{"self":[{"href":"https:\/\/svsteinhaus1911.de\/index.php\/wp-json\/wp\/v2\/pages\/433","targetHints":{"allow":["GET"]}}],"collection":[{"href":"https:\/\/svsteinhaus1911.de\/index.php\/wp-json\/wp\/v2\/pages"}],"about":[{"href":"https:\/\/svsteinhaus1911.de\/index.php\/wp-json\/wp\/v2\/types\/page"}],"author":[{"embeddable":true,"href":"https:\/\/svsteinhaus1911.de\/index.php\/wp-json\/wp\/v2\/users\/1"}],"replies":[{"embeddable":true,"href":"https:\/\/svsteinhaus1911.de\/index.php\/wp-json\/wp\/v2\/comments?post=433"}],"version-history":[{"count":0,"href":"https:\/\/svsteinhaus1911.de\/index.php\/wp-json\/wp\/v2\/pages\/433\/revisions"}],"wp:attachment":[{"href":"https:\/\/svsteinhaus1911.de\/index.php\/wp-json\/wp\/v2\/media?parent=433"}],"curies":[{"name":"wp","href":"https:\/\/api.w.org\/{rel}","templated":true}]}}